{"id":204,"date":"2024-05-23T06:56:25","date_gmt":"2024-05-23T06:56:25","guid":{"rendered":"https:\/\/staging.capannacristallina.casticino.ch\/wordpress_R\/?page_id=204"},"modified":"2024-10-22T14:01:21","modified_gmt":"2024-10-22T14:01:21","slug":"proposte-gite-de","status":"publish","type":"page","link":"https:\/\/capannacristallina.casticino.ch\/index.php\/de\/proposte-gite-de\/","title":{"rendered":"PROPOSTE GITE &#8211; DE"},"content":{"rendered":"\n<h3 class=\"wp-block-heading\">5 Tourenvorschl\u00e4ge von der H\u00fctte aus<\/h3>\n\n\n\n<div style=\"height:23px\" aria-hidden=\"true\" class=\"wp-block-spacer\"><\/div>\n\n\n\n<p>Entdecken Sie die herrliche Gegend des Cristallinas, deren traumhafte Natur, die Seen und die Hochgebirgsflora und -fauna!<br>Wir stellen Ihnen hier einige unserer Routenfavoriten von mittlerer L\u00e4nge und Schwierigkeitsgrad vor, welche entweder von der H\u00fctte aus starten oder die H\u00fctte als Etappen-Ziel haben.<\/p>\n\n\n\n<div class=\"wp-block-stackable-feature-grid alignwide stk-block-feature-grid stk-block-columns stk-block stk-1527591 is-style-default\" data-block-id=\"1527591\"><div class=\"stk-row stk-inner-blocks has-text-align-center stk-block-content stk-content-align stk-1527591-column alignwide\">\n<div class=\"wp-block-stackable-column stk-block-column stk-column stk-block stk-7f97c19\" data-v=\"4\" data-block-id=\"7f97c19\"><div class=\"stk-column-wrapper stk-block-column__content stk-container stk-7f97c19-container stk-hover-parent\"><div class=\"stk-block-content stk-inner-blocks stk-7f97c19-inner-blocks\">\n<div class=\"wp-block-stackable-image stk-block-image stk-block stk-d041862\" data-block-id=\"d041862\"><style>@media screen and (max-width:1023px){.stk-d041862{margin-bottom:22px !important}}<\/style><figure><span class=\"stk-img-wrapper stk-image--shape-stretch\"><img loading=\"lazy\" decoding=\"async\" class=\"stk-img wp-image-76\" src=\"https:\/\/staging.capannacristallina.casticino.ch\/wordpress_R\/wp-content\/uploads\/2024\/05\/a-cima-di-lago.jpg\" width=\"700\" height=\"463\" srcset=\"https:\/\/capannacristallina.casticino.ch\/wp-content\/uploads\/2024\/05\/a-cima-di-lago.jpg 700w, https:\/\/capannacristallina.casticino.ch\/wp-content\/uploads\/2024\/05\/a-cima-di-lago-300x198.jpg 300w\" sizes=\"auto, (max-width: 700px) 100vw, 700px\" \/><\/span><\/figure><\/div>\n\n\n\n<div class=\"wp-block-stackable-heading stk-block-heading stk-block-heading--v2 stk-block stk-1aa0cce\" id=\"cima-di-lago-2832-m-u-m\" data-block-id=\"1aa0cce\"><h3 class=\"stk-block-heading__text\">Cima di Lago 2832 m \u00fc. M.<\/h3><\/div>\n\n\n\n<p class=\"has-text-align-left\" id=\"tw-target-text\">Leichter Gipfel mit herrlicher Aussicht; ein idealer Spaziergang auch f\u00fcr Kinder, wo eine Begegnung mit Steinb\u00f6cken wahrscheinlich ist.<\/p>\n\n\n\n<p class=\"has-text-align-left\"><strong>L\u00e4nge<\/strong>: 4 km<br><strong>H\u00f6henunterschied<\/strong>: ca. 300&nbsp;Meter<br><strong>Zeitaufwand<\/strong>: ca. 1 Std<br><strong>Schwierigkeit<\/strong>: T4<br><\/p>\n\n\n\n<div class=\"wp-block-stackable-button-group stk-block-button-group stk-block stk-175bfc1\" data-block-id=\"175bfc1\"><div class=\"stk-row stk-inner-blocks stk-block-content stk-button-group\">\n<div class=\"wp-block-stackable-button stk-block-button stk-block stk-f74af0c\" data-block-id=\"f74af0c\"><style>.stk-f74af0c .stk-button{background:#477081 !important}<\/style><a class=\"stk-link stk-button stk--hover-effect-darken\" href=\"https:\/\/capannacristallina.casticino.ch\/wp-content\/uploads\/2024\/05\/DE_A-Cima-di-Lago-2832-msm.pdf\" target=\"_blank\" rel=\"noreferrer noopener\"><span class=\"stk-button__inner-text\">DETTAGLI<\/span><\/a><\/div>\n<\/div><\/div>\n<\/div><\/div><\/div>\n\n\n\n<div class=\"wp-block-stackable-column stk-block-column stk-column stk-block stk-8425de3\" data-v=\"4\" data-block-id=\"8425de3\"><div class=\"stk-column-wrapper stk-block-column__content stk-container stk-8425de3-container stk-hover-parent\"><div class=\"stk-block-content stk-inner-blocks stk-8425de3-inner-blocks\">\n<div class=\"wp-block-stackable-image stk-block-image stk-block stk-1e965c9\" data-block-id=\"1e965c9\"><style>.stk-1e965c9{margin-bottom:21px !important}.stk-1e965c9 .stk-img-wrapper{width:100% !important;height:187px !important}<\/style><figure><span class=\"stk-img-wrapper stk-image--shape-stretch\"><img loading=\"lazy\" decoding=\"async\" class=\"stk-img wp-image-77\" src=\"https:\/\/staging.capannacristallina.casticino.ch\/wordpress_R\/wp-content\/uploads\/2024\/05\/B-cristallina.jpg\" width=\"768\" height=\"480\" srcset=\"https:\/\/capannacristallina.casticino.ch\/wp-content\/uploads\/2024\/05\/B-cristallina.jpg 768w, https:\/\/capannacristallina.casticino.ch\/wp-content\/uploads\/2024\/05\/B-cristallina-300x188.jpg 300w\" sizes=\"auto, (max-width: 768px) 100vw, 768px\" \/><\/span><\/figure><\/div>\n\n\n\n<div class=\"wp-block-stackable-heading stk-block-heading stk-block-heading--v2 stk-block stk-8505254\" id=\"cristallina-2912-m-u-m\" data-block-id=\"8505254\"><h3 class=\"stk-block-heading__text\">Cristallina 2912 m \u00fc. M.<\/h3><\/div>\n\n\n\n<p class=\"has-text-align-left\" id=\"tw-target-text\">Hauptgipfel im Zentrum einer Reihe von Bergseen. Auf dem Gipfel befindet sich noch die Schutzh\u00fctte Camosci, das letzte \u00dcberbleibsel der Kriegszeit in der Gegend.<\/p>\n\n\n\n<div class=\"wp-block-stackable-text stk-block-text stk-block stk-3a04ac7\" data-block-id=\"3a04ac7\"><p class=\"stk-block-text__text has-text-align-left\"><strong>L\u00e4nge<\/strong>: 11 km <br><strong>H\u00f6henunterschied<\/strong>: 1100&nbsp;Meter<br><strong>Zeitaufwand<\/strong>: ca. 6 Std<br><strong>Schwierigkeit<\/strong>: T4<br><strong>Achtung: <\/strong>In Anwesenheit anderer Personen achte sie im letzten Hang auf herabfallende Steine. Der Zugang zum Biwak muss sehr vorsichtig erfolgen, es besteht Absturzgefahr!<\/p><\/div>\n\n\n\n<div class=\"wp-block-stackable-button-group stk-block-button-group stk-block stk-db41edf\" data-block-id=\"db41edf\"><div class=\"stk-row stk-inner-blocks stk-block-content stk-button-group\">\n<div class=\"wp-block-stackable-button stk-block-button stk-block stk-7cc5d94\" data-block-id=\"7cc5d94\"><style>.stk-7cc5d94 .stk-button{background:#477081 !important}<\/style><a class=\"stk-link stk-button stk--hover-effect-darken\" href=\"https:\/\/capannacristallina.casticino.ch\/wp-content\/uploads\/2024\/05\/DE_B-Cristallina-2912.pdf\" target=\"_blank\" rel=\"noreferrer noopener\"><span class=\"stk-button__inner-text\">DETTAGLI<\/span><\/a><\/div>\n<\/div><\/div>\n<\/div><\/div><\/div>\n\n\n\n<div class=\"wp-block-stackable-column stk-block-column stk-column stk-block stk-47ffc1a\" data-v=\"4\" data-block-id=\"47ffc1a\"><div class=\"stk-column-wrapper stk-block-column__content stk-container stk-47ffc1a-container stk-hover-parent\"><div class=\"stk-block-content stk-inner-blocks stk-47ffc1a-inner-blocks\">\n<div class=\"wp-block-stackable-image stk-block-image stk-block stk-9d6e8c7\" data-block-id=\"9d6e8c7\"><style>.stk-9d6e8c7{margin-bottom:17px !important}.stk-9d6e8c7 .stk-img-wrapper{width:100% !important;height:185px !important}@media screen and (max-width:1023px){.stk-9d6e8c7 .stk-img-wrapper{width:100% !important;height:100px !important}}<\/style><figure><span class=\"stk-img-wrapper stk-image--shape-stretch\"><img loading=\"lazy\" decoding=\"async\" class=\"stk-img wp-image-78\" src=\"https:\/\/staging.capannacristallina.casticino.ch\/wordpress_R\/wp-content\/uploads\/2024\/05\/C-giro_cristallina.jpg\" width=\"768\" height=\"576\" srcset=\"https:\/\/capannacristallina.casticino.ch\/wp-content\/uploads\/2024\/05\/C-giro_cristallina.jpg 768w, https:\/\/capannacristallina.casticino.ch\/wp-content\/uploads\/2024\/05\/C-giro_cristallina-300x225.jpg 300w\" sizes=\"auto, (max-width: 768px) 100vw, 768px\" \/><\/span><\/figure><\/div>\n\n\n\n<div class=\"wp-block-stackable-heading stk-block-heading stk-block-heading--v2 stk-block stk-69843d0\" id=\"cristallina-rundtour\" data-block-id=\"69843d0\"><h3 class=\"stk-block-heading__text\">Cristallina Rundtour<\/h3><\/div>\n\n\n\n<p class=\"has-text-align-left\" id=\"tw-target-text\">Klassische und leichte Rundtour auf dem rot-wei\u00dfen Weg rund um den Gipfel der Cristallina. Auch tags\u00fcber ab Robiei oder vom Nar\u00e8t-Pass mit Mittagessen auf unserer H\u00fctte.<\/p>\n\n\n\n<div class=\"wp-block-stackable-text stk-block-text stk-block stk-c328a05\" data-block-id=\"c328a05\"><p class=\"stk-block-text__text has-text-align-left\"><strong>L\u00e4nge<\/strong>: 14&nbsp;km<br><strong>H\u00f6henunterschied<\/strong>: 980 Meter<br><strong>Zeitaufwand<\/strong>: ca. 5,5 Stunden<br><strong>Schwierigkeit<\/strong>: T3<br><\/p><\/div>\n\n\n\n<div class=\"wp-block-stackable-button-group stk-block-button-group stk-block stk-2f6a62a\" data-block-id=\"2f6a62a\"><div class=\"stk-row stk-inner-blocks stk-block-content stk-button-group\">\n<div class=\"wp-block-stackable-button stk-block-button stk-block stk-edece5f\" data-block-id=\"edece5f\"><style>.stk-edece5f .stk-button{background:#477081 !important}<\/style><a class=\"stk-link stk-button stk--hover-effect-darken\" href=\"https:\/\/capannacristallina.casticino.ch\/wp-content\/uploads\/2024\/05\/DE_C-Giro-del-Cristallina.pdf\" target=\"_blank\" rel=\"noreferrer noopener\"><span class=\"stk-button__inner-text\">DETTAGLI<\/span><\/a><\/div>\n<\/div><\/div>\n<\/div><\/div><\/div>\n<\/div><\/div>\n\n\n\n<div class=\"wp-block-stackable-feature-grid alignwide stk-block-feature-grid stk-block-columns stk-block stk-5e603a9 is-style-default\" data-block-id=\"5e603a9\"><div class=\"stk-row stk-inner-blocks has-text-align-center stk-block-content stk-content-align stk-5e603a9-column alignwide\">\n<div class=\"wp-block-stackable-column stk-block-column stk-column stk-block stk-e9877a0\" data-v=\"4\" data-block-id=\"e9877a0\"><div class=\"stk-column-wrapper stk-block-column__content stk-container stk-e9877a0-container stk-hover-parent\"><div class=\"stk-block-content stk-inner-blocks stk-e9877a0-inner-blocks\">\n<div class=\"wp-block-stackable-image stk-block-image stk-block stk-08fb247\" data-block-id=\"08fb247\"><figure><span class=\"stk-img-wrapper stk-image--shape-stretch\"><img loading=\"lazy\" decoding=\"async\" class=\"stk-img wp-image-79\" src=\"https:\/\/staging.capannacristallina.casticino.ch\/wordpress_R\/wp-content\/uploads\/2024\/05\/D-Percorso-59-\u2013-Cristallina-1.jpg\" width=\"700\" height=\"525\" srcset=\"https:\/\/capannacristallina.casticino.ch\/wp-content\/uploads\/2024\/05\/D-Percorso-59-\u2013-Cristallina-1.jpg 700w, https:\/\/capannacristallina.casticino.ch\/wp-content\/uploads\/2024\/05\/D-Percorso-59-\u2013-Cristallina-1-300x225.jpg 300w\" sizes=\"auto, (max-width: 700px) 100vw, 700px\" \/><\/span><\/figure><\/div>\n\n\n\n<div class=\"wp-block-stackable-heading stk-block-heading stk-block-heading--v2 stk-block stk-803ace5\" id=\"d-route-59-cristallina\" data-block-id=\"803ace5\"><h3 class=\"stk-block-heading__text\">Route&nbsp;59 \u2013 Cristallina Wanderweg<\/h3><\/div>\n\n\n\n<p class=\"has-text-align-left\">Der Cristallina-Weg Nr. 59 ist eine sehr klassische dreit\u00e4gige \u00dcberquerung, die Bignasco im Valle Maggia mit Airolo verbindet.<\/p>\n\n\n\n<p class=\"has-text-align-left\"><strong>L\u00e4nge:<\/strong> 42 km (drei Etappen)<br><strong>H\u00f6henunterschied<\/strong>: 2800 Meter Aufstieg, 2100 Meter Abstieg<br><strong>Zeitaufwand<\/strong>: 3 Tage<br><strong>Schwierigkeit<\/strong>: T3<\/p>\n\n\n\n<div class=\"wp-block-stackable-button-group stk-block-button-group stk-block stk-d81616b\" data-block-id=\"d81616b\"><div class=\"stk-row stk-inner-blocks stk-block-content stk-button-group\">\n<div class=\"wp-block-stackable-button stk-block-button stk-block stk-7adb81b\" data-block-id=\"7adb81b\"><style>.stk-7adb81b .stk-button{background:#477081 !important}<\/style><a class=\"stk-link stk-button stk--hover-effect-darken\" href=\"https:\/\/capannacristallina.casticino.ch\/wp-content\/uploads\/2024\/05\/DE_D-Percorso-59-\u2013-Cristallina.pdf\" target=\"_blank\" rel=\"noreferrer noopener\"><span class=\"stk-button__inner-text\">DETTAGLI<\/span><\/a><\/div>\n<\/div><\/div>\n<\/div><\/div><\/div>\n\n\n\n<div class=\"wp-block-stackable-column stk-block-column stk-column stk-block stk-211741b\" data-v=\"4\" data-block-id=\"211741b\"><div class=\"stk-column-wrapper stk-block-column__content stk-container stk-211741b-container stk-hover-parent\"><div class=\"stk-block-content stk-inner-blocks stk-211741b-inner-blocks\">\n<div class=\"wp-block-stackable-image stk-block-image stk-block stk-aaffb89\" data-block-id=\"aaffb89\"><style>.stk-aaffb89{margin-bottom:27px !important}<\/style><figure><span class=\"stk-img-wrapper stk-image--shape-stretch\"><img loading=\"lazy\" decoding=\"async\" class=\"stk-img wp-image-80\" src=\"https:\/\/staging.capannacristallina.casticino.ch\/wordpress_R\/wp-content\/uploads\/2024\/05\/E-Passo-Nufenen-\u2013-Airolo-1.jpg\" width=\"700\" height=\"526\" srcset=\"https:\/\/capannacristallina.casticino.ch\/wp-content\/uploads\/2024\/05\/E-Passo-Nufenen-\u2013-Airolo-1.jpg 700w, https:\/\/capannacristallina.casticino.ch\/wp-content\/uploads\/2024\/05\/E-Passo-Nufenen-\u2013-Airolo-1-300x225.jpg 300w\" sizes=\"auto, (max-width: 700px) 100vw, 700px\" \/><\/span><\/figure><\/div>\n\n\n\n<div class=\"wp-block-stackable-heading stk-block-heading stk-block-heading--v2 stk-block stk-c319c7c\" id=\"nufenen-pass-airolo\" data-block-id=\"c319c7c\"><h3 class=\"stk-block-heading__text\">Nufenen Pass \u2013 Airolo<\/h3><\/div>\n\n\n\n<p class=\"has-text-align-left\">Die erste Etappe der Via Idra, vom Nufenenpass bis nach Airolo mit Uebernachtung in der H\u00fctte. Highlight: der Aufstieg vom Becco-Kanal, ein mit Seilen und Stufen eingerichteter Durchgang.<\/p>\n\n\n\n<div class=\"wp-block-stackable-text stk-block-text stk-block stk-82fa7c1\" data-block-id=\"82fa7c1\"><p class=\"stk-block-text__text has-text-align-left\"><strong>L\u00e4nge<\/strong>: 27 km <br><strong>H\u00f6henunterschied<\/strong>: 1&#8217;600 Meter Aufstieg, 2450 Meter Abstieg<br><strong>Zeitaufwand<\/strong>: ca. 10 Std (5 + 5)<br><strong>Schwierigkeit<\/strong>: Erster Tag: T4 (T6 Canale del becco) Zweiter Tag: T3<br>Achtung: Dem Kanal sollte man vorzugsweise bergauf begangen werden, dabei auf Steinschlag und Schnee zu Beginn der Saison achten muss.<\/p><\/div>\n\n\n\n<div class=\"wp-block-stackable-button-group stk-block-button-group stk-block stk-315a401\" data-block-id=\"315a401\"><div class=\"stk-row stk-inner-blocks stk-block-content stk-button-group\">\n<div class=\"wp-block-stackable-button stk-block-button stk-block stk-84aeed3\" data-block-id=\"84aeed3\"><style>.stk-84aeed3 .stk-button{background:#477081 !important}<\/style><a class=\"stk-link stk-button stk--hover-effect-darken\" href=\"https:\/\/capannacristallina.casticino.ch\/wp-content\/uploads\/2024\/05\/DE_E-Passo-Nufenen-\u2013-Airolo.pdf\" target=\"_blank\" rel=\"noreferrer noopener\"><span class=\"stk-button__inner-text\">DETTAGLI<\/span><\/a><\/div>\n<\/div><\/div>\n<\/div><\/div><\/div>\n<\/div><\/div>\n","protected":false},"excerpt":{"rendered":"<p>5 Tourenvorschl\u00e4ge von der H\u00fctte aus Entdecken Sie die herrliche Gegend des Cristallinas, deren traumhafte Natur, die Seen und die Hochgebirgsflora und -fauna!Wir stellen Ihnen hier einige unserer Routenfavoriten von mittlerer L\u00e4nge und Schwierigkeitsgrad vor, welche entweder von der H\u00fctte aus starten oder die H\u00fctte als Etappen-Ziel haben. Cima di Lago 2832 m \u00fc. M. [&hellip;]<\/p>\n","protected":false},"author":1,"featured_media":0,"parent":0,"menu_order":0,"comment_status":"closed","ping_status":"closed","template":"","meta":{"pgc_sgb_lightbox_settings":"","footnotes":""},"class_list":["post-204","page","type-page","status-publish","hentry"],"_links":{"self":[{"href":"https:\/\/capannacristallina.casticino.ch\/index.php\/wp-json\/wp\/v2\/pages\/204","targetHints":{"allow":["GET"]}}],"collection":[{"href":"https:\/\/capannacristallina.casticino.ch\/index.php\/wp-json\/wp\/v2\/pages"}],"about":[{"href":"https:\/\/capannacristallina.casticino.ch\/index.php\/wp-json\/wp\/v2\/types\/page"}],"author":[{"embeddable":true,"href":"https:\/\/capannacristallina.casticino.ch\/index.php\/wp-json\/wp\/v2\/users\/1"}],"replies":[{"embeddable":true,"href":"https:\/\/capannacristallina.casticino.ch\/index.php\/wp-json\/wp\/v2\/comments?post=204"}],"version-history":[{"count":13,"href":"https:\/\/capannacristallina.casticino.ch\/index.php\/wp-json\/wp\/v2\/pages\/204\/revisions"}],"predecessor-version":[{"id":464,"href":"https:\/\/capannacristallina.casticino.ch\/index.php\/wp-json\/wp\/v2\/pages\/204\/revisions\/464"}],"wp:attachment":[{"href":"https:\/\/capannacristallina.casticino.ch\/index.php\/wp-json\/wp\/v2\/media?parent=204"}],"curies":[{"name":"wp","href":"https:\/\/api.w.org\/{rel}","templated":true}]}}