{"id":182,"date":"2024-05-22T10:18:16","date_gmt":"2024-05-22T10:18:16","guid":{"rendered":"https:\/\/staging.capannacristallina.casticino.ch\/wordpress_R\/?page_id=182"},"modified":"2026-04-20T07:23:09","modified_gmt":"2026-04-20T07:23:09","slug":"home-estiva-de","status":"publish","type":"page","link":"https:\/\/capannacristallina.casticino.ch\/index.php\/de\/home-estiva-de\/","title":{"rendered":"HOME ESTIVA DE"},"content":{"rendered":"\n<blockquote class=\"wp-block-stackable-blockquote stk-block-blockquote stk-block stk-21a039d is-style-default\" data-v=\"2\" data-block-id=\"21a039d\"><style>.stk-21a039d {margin-bottom:0px !important;}<\/style><div class=\"has-text-align-left stk-block-blockquote__content stk-container stk-21a039d-container stk-hover-parent\"><div class=\"stk-block-content stk-inner-blocks\">\n<div class=\"wp-block-stackable-icon stk-block-icon stk-block stk-a78ad1c\" data-block-id=\"a78ad1c\"><span class=\"stk--svg-wrapper\"><div class=\"stk--inner-svg\"><svg style=\"height:0;width:0\"><defs><linearGradient id=\"linear-gradient-a78ad1c\" x1=\"0\" x2=\"100%\" y1=\"0\" y2=\"0\"><stop offset=\"0%\" style=\"stop-opacity:1;stop-color:var(--linear-gradient-a-78-ad-1-c-color-1)\"><\/stop><stop offset=\"100%\" style=\"stop-opacity:1;stop-color:var(--linear-gradient-a-78-ad-1-c-color-2)\"><\/stop><\/linearGradient><\/defs><\/svg><svg xmlns=\"http:\/\/www.w3.org\/2000\/svg\" viewBox=\"0 0 50 50\" aria-hidden=\"true\" width=\"32\" height=\"32\"><path d=\"M19.8 9.3C10.5 11.8 4.6 17 2.1 24.8c2.3-3.6 5.6-5.4 9.9-5.4 3.3 0 6 1.1 8.3 3.3 2.2 2.2 3.4 5 3.4 8.3 0 3.2-1.1 5.8-3.3 8-2.2 2.2-5.1 3.2-8.7 3.2-3.7 0-6.5-1.2-8.6-3.5C1 36.3 0 33.1 0 29 0 18.3 6.5 11.2 19.6 7.9l.2 1.4zm26.4 0C36.9 11.9 31 17 28.5 24.8c2.2-3.6 5.5-5.4 9.8-5.4 3.2 0 6 1.1 8.3 3.2 2.3 2.2 3.4 4.9 3.4 8.3 0 3.1-1.1 5.8-3.3 7.9-2.2 2.2-5.1 3.3-8.6 3.3-3.7 0-6.6-1.1-8.6-3.4-2.1-2.3-3.1-5.5-3.1-9.7 0-10.7 6.6-17.8 19.7-21.1l.1 1.4z\"><\/path><\/svg><\/div><\/span><\/div>\n\n\n\n<div class=\"wp-block-stackable-text stk-block-text stk-block stk-6bc86f9\" data-block-id=\"6bc86f9\"><p class=\"stk-block-text__text\"><strong><span style=\"color: #cf2e2e;\" class=\"stk-highlight\">Neuigkeiten zur Sommersaison 2026 und zuk\u00fcnftigen Buchungen<\/span><\/strong><br><br>Die Wintersaison endet am 19. April 2026.<br>Nun folgt eine kleine Pause vor der Sommersaison.<br><br><br><strong>Die offizielle Er\u00f6ffnung ist f\u00fcr den 19. Juni 2026 vorgesehen<\/strong>, die Termine k\u00f6nnen je nach Schneelage variieren.<br>Alle Buchungen f\u00fcr den Sommer m\u00fcssen \u00fcber die Buchungswebsite hut-reservation.org vorgenommen werden.<br>Die Winterh\u00fctte bleibt verschlossen und ist nur nach vorheriger Buchung per E-Mail zug\u00e4nglich. Bitte buchen Sie rechtzeitig im Voraus.<br>Maximal 8 Pl\u00e4tze.<br><br>Grazie<br>Manu<\/p><\/div>\n<\/div><\/div><\/blockquote>\n\n\n\n<div style=\"height:100px\" aria-hidden=\"true\" class=\"wp-block-spacer\"><\/div>\n\n\n\n<div class=\"wp-block-columns is-layout-flex wp-container-core-columns-is-layout-9d6595d7 wp-block-columns-is-layout-flex\">\n<div class=\"wp-block-column is-layout-flow wp-block-column-is-layout-flow\">\n<p>Die erste moderne H\u00fctte des Schweizer Alpen-Clubs liegt auf der linken Seite des Bedrettotals auf 2566 m\u00fcM. Im Sommer ist sie Ausgangspunkt f\u00fcr die Besteigung der umliegenden Gipfeln oder f\u00fcr interessante \u00dcberschreitungen in Richtung Vallemaggia, Val Formazza und ins Gotthardgebiet. Im Winter bietet die schneereiche Region herrliche Abfahrten und Verbindungen von L\u00fccken und Gipfeln.<\/p>\n\n\n\n<p>100 Betten in kleinen Zimmern, hochwertige Gastfreundschaft und K\u00fcche f\u00fcr einen angenehmen Aufenthalt in den tessiner Bergen.<\/p>\n<\/div>\n\n\n\n<div class=\"wp-block-column is-layout-flow wp-block-column-is-layout-flow\">\n<div class=\"efbl_feed_wraper efbl_skin_40\" >\n\n\t\n\t<div class=\"efbl_feeds_holder efbl_feeds_thumbnail  \t\"  \t\t\tdata-template=\"thumbnail\">\n\t\t\n<div class=\"efbl-thumbnail-skin added_photos efbl-story-wrapper\">\n\n\t<div class=\"efbl-thumbnail-wrapper\">\n\t\t<div class=\"efbl-row\">\n\n\t\t\t\n\n\t\t\t\t<div class=\"efbl-thumbnail-col efbl-col-4\">\n\n\t\t\t\t\t\n\t\t\t\t\t\t<a href=\"https:\/\/capannacristallina.casticino.ch\/wp-admin\/admin-ajax.php?action=efbl_generate_popup_html\" data-imagelink=https:\/\/capannacristallina.casticino.ch\/wp-content\/uploads\/esf-facebook\/155321348476319_1582797177187175.jpg\t\t\t\t\t\t   data-storylink=\"https:\/\/www.facebook.com\/155321348476319_1582797177187175\"\n\t\t\t\t\t\t   rel=\"nofollow\"\n\t\t\t\t\t\t   data-linktext=\"Read full story\"\n\t\t\t\t\t\t   data-caption=\"La stagione invernale volge al termine. La Capanna Cristallina chiude, ma solo per un po\u2019. Ci rivediamo non appena la neve lascer\u00e0 spazio ai sentieri\"\n\t\t\t\t\t\t   data-itemnumber=\"1\"\n\t\t\t\t\t\t   class=\"efbl_feed_popup  efbl-cff-item_number-1\">\n\t\t\t\t\t\t\t<div class=\"efbl-overlay\">\n\n\t\t\t\t\t\t\t\t\n\t\t\t\t\t\t\t\t\t<i class=\"icon icon-esf-plus efbl-plus\"\n\t\t\t\t\t\t\t\t\t   aria-hidden=\"true\"><\/i>\n\n\t\t\t\t\t\t\t\t\t\t\t\t\t\t\t\t\t\t\t\t\t\t\t<\/div>\n\t\t\t\t\t\t\t\t\t\t\t\t\t\t<img decoding=\"async\" src=\"https:\/\/capannacristallina.casticino.ch\/wp-content\/uploads\/esf-facebook\/155321348476319_1582797177187175.jpg\"\n\t\t\t\t\t\t\t\t class=\"img-responsive\"\n\t\t\t\t\t\t\t\t alt=\"Capanna Cristallina CAS\"\n\t\t\t\t\t\t\t\t \/>\n\t\t\t\t\t\t<\/a>\n\n\t\t\t\t\t\n\n\t\t\t\t<\/div>\n\n\t\t\t\t<div class=\"efbl-feed-content efbl-col-8  \">\n\n\t\t\t\t\t\n\t\t\t\t\t\t<div class=\"efbl-d-flex\">\n\n\t\t\t\t\t\t\t\n\t\t\t\t\t\t\t\t<div class=\"efbl-profile-image\">\n\t\t\t\t\t\t\t\t\t<a href=\"https:\/\/facebook.com\/155321348476319\"\n\t\t\t\t\t\t\t\t\t   title=\"\"\n\t\t\t\t\t\t\t\t\t   rel=\"nofollow\"\n\t\t\t\t\t\t\t\t\t   target=\"_blank\">\n\t\t\t\t\t\t\t\t\t\t<img decoding=\"async\" alt=\"\"\n\t\t\t\t\t\t\t\t\t\t\t src=\"https:\/\/scontent.flug2-1.fna.fbcdn.net\/v\/t39.30808-1\/304777430_501121052021465_8467912591588778816_n.jpg?stp=dst-jpg_s200x200_tt6&#038;_nc_cat=111&#038;ccb=1-7&#038;_nc_sid=f907e8&#038;_nc_ohc=8Y0oMYPuPPEQ7kNvwHbnDs7&#038;_nc_oc=AdpuiLNvEpwyaly0DfMX1B3AYc9ybY_Rj4ZLeILxrAJhkP5k9e39HV1ol1DJVsV1w4c&#038;_nc_zt=24&#038;_nc_ht=scontent.flug2-1.fna&#038;edm=AOf6bZoEAAAA&#038;_nc_gid=GnbT1UDNrb6KnMs55hl39A&#038;_nc_tpa=Q5bMBQHQZGQJVsjQtJ6PD_seavSghPT1rEZUWEYnhQBIpe7Uk6-HGc1x54MKYq4j7l1fjYsQUG9x-hOY&#038;oh=00_Af31W35XXjVjrtRX2iH49NqxkPEBH3ztey86SSKqhGf5mQ&#038;oe=69F2F4BC\"\/><\/a>\n\t\t\t\t\t\t\t\t<\/div>\n\n\t\t\t\t\t\t\t\n\t\t\t\t\t\t\t<div class=\"efbl-profile-title\">\n\t\t\t\t\t\t\t\t<div class=\"efbl-profile-title-wrap \">\n\t\t\t\t\t\t\t\t\t<h2>Capanna Cristallina CAS\t\t\t\t\t\t\t\t\t\t\t\t\t\t\t\t\t\t\t\t<span class=\"efbl-profile-story-text\"> <\/span>\n\t\t\t\t\t\t\t\t\t<\/h2>\n\t\t\t\t\t\t\t\t<\/div>\n\t\t\t\t\t\t\t\t<span>1 week 1 day ago<\/span>\n\t\t\t\t\t\t\t<\/div>\n\t\t\t\t\t\t<\/div>\n\n\t\t\t\t\t\n\n\t\t\t\t\t\n\t\t\t\t\t\t\t\t\t\t\t\t\t\t\t\t\t\t<p class=\"description\">\n\t\t\t\t\t\t\t\t<span class=\"efbl-description-wrap\">La stagione invernale volge al termine. La Capanna Cristallina chiude, ma solo per un po\u2019. Ci rivediamo non appena la neve lascer\u00e0 spazio ai sentieri<\/span>\n\n\n\t\t\t\t\t\t\t\t\n\n\t\t\t\t\t\t\t<\/p>\n\n\t\t\t\t\t\t\t\t\t\t\t\n\t\t\t\t\t\n\t\t\t\t<\/div>\n\t\t\t\t\n\n\t\t<\/div>\n\t\t\t<div class=\"efbl-post-footer\">\n\n\n\t\t<div class=\"efbl-d-flex efbl-justify-content-between\">\n\t\t\t\t\t\t\t<div class=\"efbl-reacted efbl-d-flex efbl-align-items-center\">\n\n\t\t\t\t\t\n\t\t\t\t\t\t\n\t\t\t\t\t\t\t<div class=\"efbl-reacted-item emotis \" >\n\n\t\t\t\t\t\t\t\t\t\t\t\t\t\t\t\t\t<i class=\"icon icon-esf-thumbs-o-up\"><\/i>\n\t\t\t\t\t\t\t\t\n\t\t\t\t\t\t\t\t\t\t\t\t\t\t\t\t16\t\t\t\t\t\t\t<\/div>\n\t\t\t\t\t\t\t\n\n\n\t\t\t\t\t\n\t\t\t\t\t\t\t\n\n\t\t\t\t<\/div>\n\t\t\t\n\n\n\t\t\t<div class=\"efbl-view-share efbl-d-flex efbl-justify-content-between efbl-align-items-center efbl-mb-1 efbl-mt-1\">\n\n\t\t\t\t\n\t\t\t\t\t<a href=\"https:\/\/www.facebook.com\/155321348476319_1582797177187175\"\n\t\t\t\t\t   target=\"_blank\"\n\t\t\t\t\t   rel=\"nofollow\"\n\t\t\t\t\t   class=\"efbl-view-on-fb no-anchor-style link efbl-mr-1\">View on Facebook<\/a>\n\n\t\t\t\t\n\t\t\t\t\n\t\t\t\t\t<div class=\"esf-share-wrapper\">\n\t\t\t\t\t\t<a href=\"#\" class=\"no-anchor-style link esf-share\">Share<\/a>\n\t\t\t\t\t\t<div class=\"esf-social-share\">\n\t\t\t\t\t\t\t<button>\n\t\t\t\t\t\t\t\t<a class=\"efbl_facebook\"\n\t\t\t\t\t\t\t\t   href=\"https:\/\/www.facebook.com\/sharer\/sharer.php?u=https:\/\/www.facebook.com\/155321348476319_1582797177187175\"\n\t\t\t\t\t\t\t\t   rel=\"nofollow\"\n\t\t\t\t\t\t\t\t   target=\"_blank\">\n\t\t\t\t\t\t\t\t\t<i class=\"icon icon-esf-facebook\"><\/i>\n\t\t\t\t\t\t\t\t<\/a>\n\t\t\t\t\t\t\t<\/button>\n\n\t\t\t\t\t\t\t<button>\n\t\t\t\t\t\t\t\t<a class=\"efbl_twitter\"\n\t\t\t\t\t\t\t\t   href=\"https:\/\/twitter.com\/intent\/tweet?text=https:\/\/www.facebook.com\/155321348476319_1582797177187175\"\n\t\t\t\t\t\t\t\t   rel=\"nofollow\"\n\t\t\t\t\t\t\t\t   target=\"_blank\">\n\t\t\t\t\t\t\t\t\t<i class=\"icon icon-esf-twitter\"><\/i>\n\t\t\t\t\t\t\t\t<\/a>\n\t\t\t\t\t\t\t<\/button>\n\n\t\t\t\t\t\t\t<button>\n\t\t\t\t\t\t\t\t<a class=\"efbl_linked_in\"\n\t\t\t\t\t\t\t\t   href=\"https:\/\/www.linkedin.com\/shareArticle?mini=true&url=https:\/\/www.facebook.com\/155321348476319_1582797177187175\"\n\t\t\t\t\t\t\t\t   rel=\"nofollow\"\n\t\t\t\t\t\t\t\t   target=\"_blank\">\n\t\t\t\t\t\t\t\t\t<i class=\"icon icon-esf-linkedin\"><\/i>\n\t\t\t\t\t\t\t\t<\/a>\n\t\t\t\t\t\t\t<\/button>\n\t\t\t\t\t\t<\/div>\n\t\t\t\t\t<\/div>\n\t\t\t\t\n\t\t\t<\/div>\n\n\t\t<\/div>\n\n\n\t<\/div>\n\n\t<\/div>\n\n<\/div>\n\n\n<div class=\"efbl-thumbnail-skin added_photos efbl-story-wrapper\">\n\n\t<div class=\"efbl-thumbnail-wrapper\">\n\t\t<div class=\"efbl-row\">\n\n\t\t\t\n\n\t\t\t\t<div class=\"efbl-thumbnail-col efbl-col-4\">\n\n\t\t\t\t\t\n\t\t\t\t\t\t<a href=\"https:\/\/capannacristallina.casticino.ch\/wp-admin\/admin-ajax.php?action=efbl_generate_popup_html\" data-imagelink=https:\/\/capannacristallina.casticino.ch\/wp-content\/uploads\/esf-facebook\/155321348476319_1542258687907691.jpg\t\t\t\t\t\t   data-storylink=\"https:\/\/www.facebook.com\/155321348476319_1542258687907691\"\n\t\t\t\t\t\t   rel=\"nofollow\"\n\t\t\t\t\t\t   data-linktext=\"Read full story\"\n\t\t\t\t\t\t   data-caption=\"Cercasi 2 aiuti gestore per capanna alpina \u2013 Estate 2026 (luglio, agosto, settembre) Mansioni principali \u2022 Aiuto cucina e preparazioni di base \u2022 Servizio ospiti\"\n\t\t\t\t\t\t   data-itemnumber=\"2\"\n\t\t\t\t\t\t   class=\"efbl_feed_popup  efbl-cff-item_number-2\">\n\t\t\t\t\t\t\t<div class=\"efbl-overlay\">\n\n\t\t\t\t\t\t\t\t\n\t\t\t\t\t\t\t\t\t<i class=\"icon icon-esf-plus efbl-plus\"\n\t\t\t\t\t\t\t\t\t   aria-hidden=\"true\"><\/i>\n\n\t\t\t\t\t\t\t\t\t\t\t\t\t\t\t\t\t\t\t\t\t\t\t<\/div>\n\t\t\t\t\t\t\t\t\t\t\t\t\t\t<img decoding=\"async\" src=\"https:\/\/capannacristallina.casticino.ch\/wp-content\/uploads\/esf-facebook\/155321348476319_1542258687907691.jpg\"\n\t\t\t\t\t\t\t\t class=\"img-responsive\"\n\t\t\t\t\t\t\t\t alt=\"Capanna Cristallina CAS\"\n\t\t\t\t\t\t\t\t \/>\n\t\t\t\t\t\t<\/a>\n\n\t\t\t\t\t\n\n\t\t\t\t<\/div>\n\n\t\t\t\t<div class=\"efbl-feed-content efbl-col-8  \">\n\n\t\t\t\t\t\n\t\t\t\t\t\t<div class=\"efbl-d-flex\">\n\n\t\t\t\t\t\t\t\n\t\t\t\t\t\t\t\t<div class=\"efbl-profile-image\">\n\t\t\t\t\t\t\t\t\t<a href=\"https:\/\/facebook.com\/155321348476319\"\n\t\t\t\t\t\t\t\t\t   title=\"\"\n\t\t\t\t\t\t\t\t\t   rel=\"nofollow\"\n\t\t\t\t\t\t\t\t\t   target=\"_blank\">\n\t\t\t\t\t\t\t\t\t\t<img decoding=\"async\" alt=\"\"\n\t\t\t\t\t\t\t\t\t\t\t src=\"https:\/\/scontent.flug2-1.fna.fbcdn.net\/v\/t39.30808-1\/304777430_501121052021465_8467912591588778816_n.jpg?stp=dst-jpg_s200x200_tt6&#038;_nc_cat=111&#038;ccb=1-7&#038;_nc_sid=f907e8&#038;_nc_ohc=8Y0oMYPuPPEQ7kNvwHbnDs7&#038;_nc_oc=AdpuiLNvEpwyaly0DfMX1B3AYc9ybY_Rj4ZLeILxrAJhkP5k9e39HV1ol1DJVsV1w4c&#038;_nc_zt=24&#038;_nc_ht=scontent.flug2-1.fna&#038;edm=AOf6bZoEAAAA&#038;_nc_gid=GnbT1UDNrb6KnMs55hl39A&#038;_nc_tpa=Q5bMBQHQZGQJVsjQtJ6PD_seavSghPT1rEZUWEYnhQBIpe7Uk6-HGc1x54MKYq4j7l1fjYsQUG9x-hOY&#038;oh=00_Af31W35XXjVjrtRX2iH49NqxkPEBH3ztey86SSKqhGf5mQ&#038;oe=69F2F4BC\"\/><\/a>\n\t\t\t\t\t\t\t\t<\/div>\n\n\t\t\t\t\t\t\t\n\t\t\t\t\t\t\t<div class=\"efbl-profile-title\">\n\t\t\t\t\t\t\t\t<div class=\"efbl-profile-title-wrap \">\n\t\t\t\t\t\t\t\t\t<h2>Capanna Cristallina CAS\t\t\t\t\t\t\t\t\t\t\t\t\t\t\t\t\t\t\t\t<span class=\"efbl-profile-story-text\"> <\/span>\n\t\t\t\t\t\t\t\t\t<\/h2>\n\t\t\t\t\t\t\t\t<\/div>\n\t\t\t\t\t\t\t\t<span>1 month 3 weeks ago<\/span>\n\t\t\t\t\t\t\t<\/div>\n\t\t\t\t\t\t<\/div>\n\n\t\t\t\t\t\n\n\t\t\t\t\t\n\t\t\t\t\t\t\t\t\t\t\t\t\t\t\t\t\t\t<p class=\"description\">\n\t\t\t\t\t\t\t\t<span class=\"efbl-description-wrap\">Cercasi 2 aiuti gestore per capanna alpina \u2013 Estate 2026 (luglio, agosto, settembre) Mansioni principali \u2022 Aiuto cucina e preparazioni di base \u2022 Servizio ospiti<\/span>\n\n\n\t\t\t\t\t\t\t\t\n\n\t\t\t\t\t\t\t<\/p>\n\n\t\t\t\t\t\t\t\t\t\t\t\n\t\t\t\t\t\n\t\t\t\t<\/div>\n\t\t\t\t\n\n\t\t<\/div>\n\t\t\t<div class=\"efbl-post-footer\">\n\n\n\t\t<div class=\"efbl-d-flex efbl-justify-content-between\">\n\t\t\t\t\t\t\t<div class=\"efbl-reacted efbl-d-flex efbl-align-items-center\">\n\n\t\t\t\t\t\n\t\t\t\t\t\t\n\t\t\t\t\t\t\t<div class=\"efbl-reacted-item emotis \" >\n\n\t\t\t\t\t\t\t\t\t\t\t\t\t\t\t\t\t<i class=\"icon icon-esf-thumbs-o-up\"><\/i>\n\t\t\t\t\t\t\t\t\n\t\t\t\t\t\t\t\t\t\t\t\t\t\t\t\t22\t\t\t\t\t\t\t<\/div>\n\t\t\t\t\t\t\t\n\n\n\t\t\t\t\t\n\t\t\t\t\t\t\t\n\n\t\t\t\t<\/div>\n\t\t\t\n\n\n\t\t\t<div class=\"efbl-view-share efbl-d-flex efbl-justify-content-between efbl-align-items-center efbl-mb-1 efbl-mt-1\">\n\n\t\t\t\t\n\t\t\t\t\t<a href=\"https:\/\/www.facebook.com\/155321348476319_1542258687907691\"\n\t\t\t\t\t   target=\"_blank\"\n\t\t\t\t\t   rel=\"nofollow\"\n\t\t\t\t\t   class=\"efbl-view-on-fb no-anchor-style link efbl-mr-1\">View on Facebook<\/a>\n\n\t\t\t\t\n\t\t\t\t\n\t\t\t\t\t<div class=\"esf-share-wrapper\">\n\t\t\t\t\t\t<a href=\"#\" class=\"no-anchor-style link esf-share\">Share<\/a>\n\t\t\t\t\t\t<div class=\"esf-social-share\">\n\t\t\t\t\t\t\t<button>\n\t\t\t\t\t\t\t\t<a class=\"efbl_facebook\"\n\t\t\t\t\t\t\t\t   href=\"https:\/\/www.facebook.com\/sharer\/sharer.php?u=https:\/\/www.facebook.com\/155321348476319_1542258687907691\"\n\t\t\t\t\t\t\t\t   rel=\"nofollow\"\n\t\t\t\t\t\t\t\t   target=\"_blank\">\n\t\t\t\t\t\t\t\t\t<i class=\"icon icon-esf-facebook\"><\/i>\n\t\t\t\t\t\t\t\t<\/a>\n\t\t\t\t\t\t\t<\/button>\n\n\t\t\t\t\t\t\t<button>\n\t\t\t\t\t\t\t\t<a class=\"efbl_twitter\"\n\t\t\t\t\t\t\t\t   href=\"https:\/\/twitter.com\/intent\/tweet?text=https:\/\/www.facebook.com\/155321348476319_1542258687907691\"\n\t\t\t\t\t\t\t\t   rel=\"nofollow\"\n\t\t\t\t\t\t\t\t   target=\"_blank\">\n\t\t\t\t\t\t\t\t\t<i class=\"icon icon-esf-twitter\"><\/i>\n\t\t\t\t\t\t\t\t<\/a>\n\t\t\t\t\t\t\t<\/button>\n\n\t\t\t\t\t\t\t<button>\n\t\t\t\t\t\t\t\t<a class=\"efbl_linked_in\"\n\t\t\t\t\t\t\t\t   href=\"https:\/\/www.linkedin.com\/shareArticle?mini=true&url=https:\/\/www.facebook.com\/155321348476319_1542258687907691\"\n\t\t\t\t\t\t\t\t   rel=\"nofollow\"\n\t\t\t\t\t\t\t\t   target=\"_blank\">\n\t\t\t\t\t\t\t\t\t<i class=\"icon icon-esf-linkedin\"><\/i>\n\t\t\t\t\t\t\t\t<\/a>\n\t\t\t\t\t\t\t<\/button>\n\t\t\t\t\t\t<\/div>\n\t\t\t\t\t<\/div>\n\t\t\t\t\n\t\t\t<\/div>\n\n\t\t<\/div>\n\n\n\t<\/div>\n\n\t<\/div>\n\n<\/div>\n\n\n<div class=\"efbl-thumbnail-skin added_photos efbl-story-wrapper\">\n\n\t<div class=\"efbl-thumbnail-wrapper\">\n\t\t<div class=\"efbl-row\">\n\n\t\t\t\n\n\t\t\t\t<div class=\"efbl-thumbnail-col efbl-col-4\">\n\n\t\t\t\t\t\n\t\t\t\t\t\t<a href=\"https:\/\/capannacristallina.casticino.ch\/wp-admin\/admin-ajax.php?action=efbl_generate_popup_html\" data-imagelink=https:\/\/capannacristallina.casticino.ch\/wp-content\/uploads\/esf-facebook\/155321348476319_1532055842261309.jpg\t\t\t\t\t\t   data-storylink=\"https:\/\/www.facebook.com\/155321348476319_1532055842261309\"\n\t\t\t\t\t\t   rel=\"nofollow\"\n\t\t\t\t\t\t   data-linktext=\"Read full story\"\n\t\t\t\t\t\t   data-caption=\"Aufgrund der hohen Lawinengefahr, des starken Windes in den H\u00f6henlagen und der unsicheren Wetterlage. Es gab zahlreiche Stornierungen. Die H\u00fctte bleibt dieses Wochenende geschlossen und\"\n\t\t\t\t\t\t   data-itemnumber=\"3\"\n\t\t\t\t\t\t   class=\"efbl_feed_popup  efbl-cff-item_number-3\">\n\t\t\t\t\t\t\t<div class=\"efbl-overlay\">\n\n\t\t\t\t\t\t\t\t\n\t\t\t\t\t\t\t\t\t<i class=\"icon icon-esf-plus efbl-plus\"\n\t\t\t\t\t\t\t\t\t   aria-hidden=\"true\"><\/i>\n\n\t\t\t\t\t\t\t\t\t\t\t\t\t\t\t\t\t\t\t\t\t\t\t<\/div>\n\t\t\t\t\t\t\t\t\t\t\t\t\t\t<img decoding=\"async\" src=\"https:\/\/capannacristallina.casticino.ch\/wp-content\/uploads\/esf-facebook\/155321348476319_1532055842261309.jpg\"\n\t\t\t\t\t\t\t\t class=\"img-responsive\"\n\t\t\t\t\t\t\t\t alt=\"Capanna Cristallina CAS\"\n\t\t\t\t\t\t\t\t \/>\n\t\t\t\t\t\t<\/a>\n\n\t\t\t\t\t\n\n\t\t\t\t<\/div>\n\n\t\t\t\t<div class=\"efbl-feed-content efbl-col-8  \">\n\n\t\t\t\t\t\n\t\t\t\t\t\t<div class=\"efbl-d-flex\">\n\n\t\t\t\t\t\t\t\n\t\t\t\t\t\t\t\t<div class=\"efbl-profile-image\">\n\t\t\t\t\t\t\t\t\t<a href=\"https:\/\/facebook.com\/155321348476319\"\n\t\t\t\t\t\t\t\t\t   title=\"\"\n\t\t\t\t\t\t\t\t\t   rel=\"nofollow\"\n\t\t\t\t\t\t\t\t\t   target=\"_blank\">\n\t\t\t\t\t\t\t\t\t\t<img decoding=\"async\" alt=\"\"\n\t\t\t\t\t\t\t\t\t\t\t src=\"https:\/\/scontent.flug2-1.fna.fbcdn.net\/v\/t39.30808-1\/304777430_501121052021465_8467912591588778816_n.jpg?stp=dst-jpg_s200x200_tt6&#038;_nc_cat=111&#038;ccb=1-7&#038;_nc_sid=f907e8&#038;_nc_ohc=8Y0oMYPuPPEQ7kNvwHbnDs7&#038;_nc_oc=AdpuiLNvEpwyaly0DfMX1B3AYc9ybY_Rj4ZLeILxrAJhkP5k9e39HV1ol1DJVsV1w4c&#038;_nc_zt=24&#038;_nc_ht=scontent.flug2-1.fna&#038;edm=AOf6bZoEAAAA&#038;_nc_gid=GnbT1UDNrb6KnMs55hl39A&#038;_nc_tpa=Q5bMBQHQZGQJVsjQtJ6PD_seavSghPT1rEZUWEYnhQBIpe7Uk6-HGc1x54MKYq4j7l1fjYsQUG9x-hOY&#038;oh=00_Af31W35XXjVjrtRX2iH49NqxkPEBH3ztey86SSKqhGf5mQ&#038;oe=69F2F4BC\"\/><\/a>\n\t\t\t\t\t\t\t\t<\/div>\n\n\t\t\t\t\t\t\t\n\t\t\t\t\t\t\t<div class=\"efbl-profile-title\">\n\t\t\t\t\t\t\t\t<div class=\"efbl-profile-title-wrap \">\n\t\t\t\t\t\t\t\t\t<h2>Capanna Cristallina CAS\t\t\t\t\t\t\t\t\t\t\t\t\t\t\t\t\t\t\t\t<span class=\"efbl-profile-story-text\"> <\/span>\n\t\t\t\t\t\t\t\t\t<\/h2>\n\t\t\t\t\t\t\t\t<\/div>\n\t\t\t\t\t\t\t\t<span>2 months 4 days ago<\/span>\n\t\t\t\t\t\t\t<\/div>\n\t\t\t\t\t\t<\/div>\n\n\t\t\t\t\t\n\n\t\t\t\t\t\n\t\t\t\t\t\t\t\t\t\t\t\t\t\t\t\t\t\t<p class=\"description\">\n\t\t\t\t\t\t\t\t<span class=\"efbl-description-wrap\">Aufgrund der hohen Lawinengefahr, des starken Windes in den H\u00f6henlagen und der unsicheren Wetterlage. Es gab zahlreiche Stornierungen. Die H\u00fctte bleibt dieses Wochenende geschlossen und<\/span>\n\n\n\t\t\t\t\t\t\t\t\n\n\t\t\t\t\t\t\t<\/p>\n\n\t\t\t\t\t\t\t\t\t\t\t\n\t\t\t\t\t\n\t\t\t\t<\/div>\n\t\t\t\t\n\n\t\t<\/div>\n\t\t\t<div class=\"efbl-post-footer\">\n\n\n\t\t<div class=\"efbl-d-flex efbl-justify-content-between\">\n\t\t\t\t\t\t\t<div class=\"efbl-reacted efbl-d-flex efbl-align-items-center\">\n\n\t\t\t\t\t\n\t\t\t\t\t\t\n\t\t\t\t\t\t\t<div class=\"efbl-reacted-item emotis \" >\n\n\t\t\t\t\t\t\t\t\t\t\t\t\t\t\t\t\t<i class=\"icon icon-esf-thumbs-o-up\"><\/i>\n\t\t\t\t\t\t\t\t\n\t\t\t\t\t\t\t\t\t\t\t\t\t\t\t\t10\t\t\t\t\t\t\t<\/div>\n\t\t\t\t\t\t\t\n\n\n\t\t\t\t\t\n\t\t\t\t\t\t\t\n\n\t\t\t\t<\/div>\n\t\t\t\n\n\n\t\t\t<div class=\"efbl-view-share efbl-d-flex efbl-justify-content-between efbl-align-items-center efbl-mb-1 efbl-mt-1\">\n\n\t\t\t\t\n\t\t\t\t\t<a href=\"https:\/\/www.facebook.com\/155321348476319_1532055842261309\"\n\t\t\t\t\t   target=\"_blank\"\n\t\t\t\t\t   rel=\"nofollow\"\n\t\t\t\t\t   class=\"efbl-view-on-fb no-anchor-style link efbl-mr-1\">View on Facebook<\/a>\n\n\t\t\t\t\n\t\t\t\t\n\t\t\t\t\t<div class=\"esf-share-wrapper\">\n\t\t\t\t\t\t<a href=\"#\" class=\"no-anchor-style link esf-share\">Share<\/a>\n\t\t\t\t\t\t<div class=\"esf-social-share\">\n\t\t\t\t\t\t\t<button>\n\t\t\t\t\t\t\t\t<a class=\"efbl_facebook\"\n\t\t\t\t\t\t\t\t   href=\"https:\/\/www.facebook.com\/sharer\/sharer.php?u=https:\/\/www.facebook.com\/155321348476319_1532055842261309\"\n\t\t\t\t\t\t\t\t   rel=\"nofollow\"\n\t\t\t\t\t\t\t\t   target=\"_blank\">\n\t\t\t\t\t\t\t\t\t<i class=\"icon icon-esf-facebook\"><\/i>\n\t\t\t\t\t\t\t\t<\/a>\n\t\t\t\t\t\t\t<\/button>\n\n\t\t\t\t\t\t\t<button>\n\t\t\t\t\t\t\t\t<a class=\"efbl_twitter\"\n\t\t\t\t\t\t\t\t   href=\"https:\/\/twitter.com\/intent\/tweet?text=https:\/\/www.facebook.com\/155321348476319_1532055842261309\"\n\t\t\t\t\t\t\t\t   rel=\"nofollow\"\n\t\t\t\t\t\t\t\t   target=\"_blank\">\n\t\t\t\t\t\t\t\t\t<i class=\"icon icon-esf-twitter\"><\/i>\n\t\t\t\t\t\t\t\t<\/a>\n\t\t\t\t\t\t\t<\/button>\n\n\t\t\t\t\t\t\t<button>\n\t\t\t\t\t\t\t\t<a class=\"efbl_linked_in\"\n\t\t\t\t\t\t\t\t   href=\"https:\/\/www.linkedin.com\/shareArticle?mini=true&url=https:\/\/www.facebook.com\/155321348476319_1532055842261309\"\n\t\t\t\t\t\t\t\t   rel=\"nofollow\"\n\t\t\t\t\t\t\t\t   target=\"_blank\">\n\t\t\t\t\t\t\t\t\t<i class=\"icon icon-esf-linkedin\"><\/i>\n\t\t\t\t\t\t\t\t<\/a>\n\t\t\t\t\t\t\t<\/button>\n\t\t\t\t\t\t<\/div>\n\t\t\t\t\t<\/div>\n\t\t\t\t\n\t\t\t<\/div>\n\n\t\t<\/div>\n\n\n\t<\/div>\n\n\t<\/div>\n\n<\/div>\n\n\t\t\t<\/div>\n\t\t\t\n\t\t<\/div>\n\n<\/div>\n<\/div>\n","protected":false},"excerpt":{"rendered":"<p>Neuigkeiten zur Sommersaison 2026 und zuk\u00fcnftigen Buchungen Die Wintersaison endet am 19. April 2026.Nun folgt eine kleine Pause vor der Sommersaison. Die offizielle Er\u00f6ffnung ist f\u00fcr den 19. Juni 2026 vorgesehen, die Termine k\u00f6nnen je nach Schneelage variieren.Alle Buchungen f\u00fcr den Sommer m\u00fcssen \u00fcber die Buchungswebsite hut-reservation.org vorgenommen werden.Die Winterh\u00fctte bleibt verschlossen und ist nur [&hellip;]<\/p>\n","protected":false},"author":1,"featured_media":0,"parent":0,"menu_order":0,"comment_status":"closed","ping_status":"closed","template":"","meta":{"pgc_sgb_lightbox_settings":"","footnotes":""},"class_list":["post-182","page","type-page","status-publish","hentry"],"_links":{"self":[{"href":"https:\/\/capannacristallina.casticino.ch\/index.php\/wp-json\/wp\/v2\/pages\/182","targetHints":{"allow":["GET"]}}],"collection":[{"href":"https:\/\/capannacristallina.casticino.ch\/index.php\/wp-json\/wp\/v2\/pages"}],"about":[{"href":"https:\/\/capannacristallina.casticino.ch\/index.php\/wp-json\/wp\/v2\/types\/page"}],"author":[{"embeddable":true,"href":"https:\/\/capannacristallina.casticino.ch\/index.php\/wp-json\/wp\/v2\/users\/1"}],"replies":[{"embeddable":true,"href":"https:\/\/capannacristallina.casticino.ch\/index.php\/wp-json\/wp\/v2\/comments?post=182"}],"version-history":[{"count":9,"href":"https:\/\/capannacristallina.casticino.ch\/index.php\/wp-json\/wp\/v2\/pages\/182\/revisions"}],"predecessor-version":[{"id":545,"href":"https:\/\/capannacristallina.casticino.ch\/index.php\/wp-json\/wp\/v2\/pages\/182\/revisions\/545"}],"wp:attachment":[{"href":"https:\/\/capannacristallina.casticino.ch\/index.php\/wp-json\/wp\/v2\/media?parent=182"}],"curies":[{"name":"wp","href":"https:\/\/api.w.org\/{rel}","templated":true}]}}